{"id":647,"date":"2024-07-25T15:36:44","date_gmt":"2024-07-25T15:36:44","guid":{"rendered":"https:\/\/blogeconomistas.pt\/25anos\/?page_id=647"},"modified":"2024-07-27T07:49:10","modified_gmt":"2024-07-27T07:49:10","slug":"os-economistas-e-a-ordem-dos-economistas","status":"publish","type":"page","link":"https:\/\/blogeconomistas.pt\/25anos\/os-economistas-e-a-ordem-dos-economistas\/","title":{"rendered":"Os Economistas e a Ordem dos Economistas"},"content":{"rendered":"\t\t<div data-elementor-type=\"wp-page\" data-elementor-id=\"647\" class=\"elementor elementor-647\" data-elementor-post-type=\"page\">\n\t\t\t\t<header class=\"elementor-element elementor-element-a0100c5 e-flex e-con-boxed e-con e-parent\" data-id=\"a0100c5\" data-element_type=\"container\" data-e-type=\"container\" data-settings=\"{&quot;background_background&quot;:&quot;classic&quot;}\">\n\t\t\t\t\t<div class=\"e-con-inner\">\n\t\t<div class=\"elementor-element elementor-element-061ca20 e-con-full e-flex e-con e-child\" data-id=\"061ca20\" data-element_type=\"container\" data-e-type=\"container\">\n\t\t<div class=\"elementor-element elementor-element-6a959d9 e-flex e-con-boxed e-con e-child\" data-id=\"6a959d9\" data-element_type=\"container\" data-e-type=\"container\">\n\t\t\t\t\t<div class=\"e-con-inner\">\n\t\t\t\t<div class=\"elementor-element elementor-element-85613b6 elementor-widget__width-initial elementor-invisible elementor-widget elementor-widget-heading\" data-id=\"85613b6\" data-element_type=\"widget\" data-e-type=\"widget\" data-settings=\"{&quot;_animation&quot;:&quot;fadeInUp&quot;}\" data-widget_type=\"heading.default\">\n\t\t\t\t<div class=\"elementor-widget-container\">\n\t\t\t\t\t<h1 class=\"elementor-heading-title elementor-size-default\">Os Economistas e a Ordem dos Economistas<\/h1>\t\t\t\t<\/div>\n\t\t\t\t<\/div>\n\t\t\t\t<div class=\"elementor-element elementor-element-c91ed9c elementor-widget__width-initial elementor-invisible elementor-widget elementor-widget-heading\" data-id=\"c91ed9c\" data-element_type=\"widget\" data-e-type=\"widget\" data-settings=\"{&quot;_animation&quot;:&quot;fadeInUp&quot;}\" data-widget_type=\"heading.default\">\n\t\t\t\t<div class=\"elementor-widget-container\">\n\t\t\t\t\t<h3 class=\"elementor-heading-title elementor-size-default\">Origens e afirma\u00e7\u00e3o de uma profiss\u00e3o<\/h3>\t\t\t\t<\/div>\n\t\t\t\t<\/div>\n\t\t\t\t<div class=\"elementor-element elementor-element-ed88768 elementor-widget elementor-widget-spacer\" data-id=\"ed88768\" data-element_type=\"widget\" data-e-type=\"widget\" data-widget_type=\"spacer.default\">\n\t\t\t\t<div class=\"elementor-widget-container\">\n\t\t\t\t\t\t\t<div class=\"elementor-spacer\">\n\t\t\t<div class=\"elementor-spacer-inner\"><\/div>\n\t\t<\/div>\n\t\t\t\t\t\t<\/div>\n\t\t\t\t<\/div>\n\t\t\t\t<div class=\"elementor-element elementor-element-1e414ed elementor-invisible elementor-widget elementor-widget-button\" data-id=\"1e414ed\" data-element_type=\"widget\" data-e-type=\"widget\" data-settings=\"{&quot;_animation&quot;:&quot;fadeInUp&quot;,&quot;_animation_delay&quot;:200}\" data-widget_type=\"button.default\">\n\t\t\t\t<div class=\"elementor-widget-container\">\n\t\t\t\t\t\t\t\t\t<div class=\"elementor-button-wrapper\">\n\t\t\t\t\t<a class=\"elementor-button elementor-button-link elementor-size-sm\" href=\"https:\/\/blogeconomistas.pt\/25anos\/download\/679\/?tmstv=1721923298\" target=\"_blank\">\n\t\t\t\t\t\t<span class=\"elementor-button-content-wrapper\">\n\t\t\t\t\t\t\t\t\t<span class=\"elementor-button-text\">Download<\/span>\n\t\t\t\t\t<\/span>\n\t\t\t\t\t<\/a>\n\t\t\t\t<\/div>\n\t\t\t\t\t\t\t\t<\/div>\n\t\t\t\t<\/div>\n\t\t\t\t\t<\/div>\n\t\t\t\t<\/div>\n\t\t\t\t<\/div>\n\t\t<div class=\"elementor-element elementor-element-d384fc7 e-con-full e-flex e-con e-child\" data-id=\"d384fc7\" data-element_type=\"container\" data-e-type=\"container\">\n\t\t\t\t<div class=\"elementor-element elementor-element-e54860e elementor-invisible elementor-widget elementor-widget-image\" data-id=\"e54860e\" data-element_type=\"widget\" data-e-type=\"widget\" data-settings=\"{&quot;_animation&quot;:&quot;fadeInUp&quot;}\" data-widget_type=\"image.default\">\n\t\t\t\t<div class=\"elementor-widget-container\">\n\t\t\t\t\t\t\t\t\t\t\t\t\t\t\t\t<a href=\"https:\/\/blogeconomistas.pt\/25anos\/download\/679\/?tmstv=1721923298\">\n\t\t\t\t\t\t\t<img fetchpriority=\"high\" decoding=\"async\" width=\"514\" height=\"735\" src=\"https:\/\/blogeconomistas.pt\/25anos\/wp-content\/uploads\/2024\/07\/os-economistas-e-a-ordem.webp\" class=\"attachment-large size-large wp-image-652\" alt=\"\" srcset=\"https:\/\/blogeconomistas.pt\/25anos\/wp-content\/uploads\/2024\/07\/os-economistas-e-a-ordem.webp 514w, https:\/\/blogeconomistas.pt\/25anos\/wp-content\/uploads\/2024\/07\/os-economistas-e-a-ordem-210x300.webp 210w\" sizes=\"(max-width: 514px) 100vw, 514px\" \/>\t\t\t\t\t\t\t\t<\/a>\n\t\t\t\t\t\t\t\t\t\t\t\t\t\t\t<\/div>\n\t\t\t\t<\/div>\n\t\t\t\t<\/div>\n\t\t\t\t\t<\/div>\n\t\t\t\t<\/header>\n\t\t\t\t<\/div>\n\t\t","protected":false},"excerpt":{"rendered":"<p>Os Economistas e a Ordem dos Economistas Origens e afirma\u00e7\u00e3o de uma profiss\u00e3o Download<\/p>\n","protected":false},"author":1,"featured_media":0,"parent":0,"menu_order":0,"comment_status":"closed","ping_status":"closed","template":"elementor_header_footer","meta":{"footnotes":""},"class_list":["post-647","page","type-page","status-publish","hentry"],"_links":{"self":[{"href":"https:\/\/blogeconomistas.pt\/25anos\/wp-json\/wp\/v2\/pages\/647","targetHints":{"allow":["GET"]}}],"collection":[{"href":"https:\/\/blogeconomistas.pt\/25anos\/wp-json\/wp\/v2\/pages"}],"about":[{"href":"https:\/\/blogeconomistas.pt\/25anos\/wp-json\/wp\/v2\/types\/page"}],"author":[{"embeddable":true,"href":"https:\/\/blogeconomistas.pt\/25anos\/wp-json\/wp\/v2\/users\/1"}],"replies":[{"embeddable":true,"href":"https:\/\/blogeconomistas.pt\/25anos\/wp-json\/wp\/v2\/comments?post=647"}],"version-history":[{"count":25,"href":"https:\/\/blogeconomistas.pt\/25anos\/wp-json\/wp\/v2\/pages\/647\/revisions"}],"predecessor-version":[{"id":723,"href":"https:\/\/blogeconomistas.pt\/25anos\/wp-json\/wp\/v2\/pages\/647\/revisions\/723"}],"wp:attachment":[{"href":"https:\/\/blogeconomistas.pt\/25anos\/wp-json\/wp\/v2\/media?parent=647"}],"curies":[{"name":"wp","href":"https:\/\/api.w.org\/{rel}","templated":true}]}}